{"id":11340,"date":"2021-08-26T18:49:08","date_gmt":"2021-08-26T15:49:08","guid":{"rendered":"https:\/\/voimlemispidu.ee\/?page_id=11340"},"modified":"2024-01-30T12:27:32","modified_gmt":"2024-01-30T10:27:32","slug":"voimlemispidu-kingitus","status":"publish","type":"page","link":"https:\/\/voimlemispidu.ee\/en\/voimlemispidu-kingitus\/","title":{"rendered":"Kingitus 2021"},"content":{"rendered":"<div data-elementor-type=\"wp-page\" data-elementor-id=\"11340\" class=\"elementor elementor-11340\" data-elementor-post-type=\"page\">\n\t\t\t\t\t\t<section class=\"elementor-section elementor-top-section elementor-element elementor-element-d5ef8aa elementor-section-boxed elementor-section-height-default elementor-section-height-default\" data-id=\"d5ef8aa\" data-element_type=\"section\" data-e-type=\"section\">\n\t\t\t\t\t\t<div class=\"elementor-container elementor-column-gap-default\">\n\t\t\t\t\t<div class=\"elementor-column elementor-col-100 elementor-top-column elementor-element elementor-element-4762ad8\" data-id=\"4762ad8\" data-element_type=\"column\" data-e-type=\"column\">\n\t\t\t<div class=\"elementor-widget-wrap elementor-element-populated\">\n\t\t\t\t\t\t<div class=\"elementor-element elementor-element-2ef3a77 elementor-widget elementor-widget-text-editor\" data-id=\"2ef3a77\" data-element_type=\"widget\" data-e-type=\"widget\" data-widget_type=\"text-editor.default\">\n\t\t\t\t<div class=\"elementor-widget-container\">\n\t\t\t\t\t\t\t\t\t<p><span style=\"color: #ff6600;\"><em>Siit lehelt p\u00e4\u00e4sed Eestimaa VI v\u00f5imlemispeo KINGITUS meediateeki &#8211; s\u00f5nas &#8211; pildis &#8211; filmis. Pidu toimus\u00a0 2021. aasta juulis.\u00a0 Ajal, mil k\u00f5ik Euroopa v\u00f5imlemisfestivalid olid edasi l\u00fckatud. KINGITUS koondas kokku aktiivse, eluj\u00f5ulise ja s\u00e4rasilmse osa eesti staadioniv\u00f5imlejatest ja &#8211; rahvatantsijatest. Ei ole v\u00f5imalik s\u00f5nadega kirjeldada korraldajate kadalippu. Kuid seda pole vajagi, sest PIDU ISE KORVAS K\u00d5IK L\u00c4BITUD RASKUSED ja MEELDE J\u00c4\u00c4B VAID LIIKUMIS- ning KOOSTEGEMISER\u00d5\u00d5M sel keerulisel ajal. Seda ainulaadsust, tervist, r\u00f5\u00f5mu ja tahet tasub ikka ja j\u00e4lle uuesti imetleda&#8230; TEE KINGITUS ENDALE JA VAATA&#8230;<\/em><\/span><br \/><strong><span style=\"color: #ff0000;\"><br \/>FILMIS:<\/span><\/strong><br \/><span style=\"color: #008000;\">Eesti Rahvusringh\u00e4\u00e4lingu \u00fclekanne etendusest <\/span><em><span style=\"text-decoration: underline;\"><a href=\"https:\/\/etv.err.ee\/1608249780\/voimlemispidu-kingitus\">Klikka siia\u00a0<\/a>!<\/span><br \/><\/em><span style=\"color: #008000;\">Kingitus FB lehelt\u00a0<\/span><span style=\"text-decoration: underline;\"> <a href=\"https:\/\/www.facebook.com\/VI-Eestimaa-V%C3%B5imlemispidu-105684451492931\/\"><em>Klikka siia!<\/em><\/a><\/span><br \/><span style=\"color: #000080;\"><span style=\"color: #008000;\">Loometiimi liikme Katre Jaani videomontaazid<\/span>\u00a0 \u00a0<a href=\"https:\/\/www.youtube.com\/watch?v=fdASrqGHFxc\"><span style=\"text-decoration: underline;\"><em>Klikka siia-1<\/em><\/span><\/a>\u00a0<em> \u00a0\u00a0<\/em><span style=\"text-decoration: underline;\"><em><a href=\"https:\/\/www.youtube.com\/watch?v=zAgDTBisP40\">Klikka siia-2<\/a><\/em><\/span><span style=\"color: #008000;\"><br \/>Loometiimi liikme Eliise Abeli video\u00a0 \u00a0 <\/span><span style=\"text-decoration: underline;\"><em><a href=\"https:\/\/www.youtube.com\/watch?v=E5tbg4i7Dls\">Klikka siia!<\/a><br \/><\/em><\/span><span style=\"color: #008000;\">Foto- ja videoarhiiv (&#8220;Pealinn&#8221;)<\/span><span style=\"text-decoration: underline;\"><em><a href=\"https:\/\/pealinn.ee\/2021\/07\/03\/video-tuhanded-tantsijad-ootavad-puhapaeval-pealtvaatajaid-suurele-voimlemispeole\/\">Klikka siia!<\/a><\/em><\/span><\/span><\/p><p><strong>FOTODES:<\/strong><br \/><span style=\"color: #008000;\">Eesti Rahvusringh\u00e4\u00e4lingu fotoarhiiv\u00a0<span style=\"text-decoration: underline;\"><a href=\"https:\/\/menu.err.ee\/1608267882\/galerii-ule-eestiline-voimlemispidu-toi-kokku-pea-2500-harrastusvoimlejat\"><em>Klikka siia!<\/em><\/a><\/span><br \/>Fotograaf Indrek Kask fotoarhiiv<\/span>\u00a0<em><span style=\"text-decoration: underline;\"><a style=\"color: #000080; text-decoration: underline;\" href=\"https:\/\/www.dropbox.com\/sh\/rdcw1upd6hmgca0\/AAC4zJ0_q-uFRAI0ZzFqzYKMa?dl=0\">Klikka siia!<\/a><\/span><br \/><\/em><span style=\"color: #008000;\">Fotograaf Egon Tintse (&#8220;Postimees&#8221;) fotoarhiiv <\/span><span style=\"text-decoration: underline;\"><em><a href=\"https:\/\/www.postimees.ee\/7283593\/tuhanded-voimlejad-saabusid-tallinnasse\">Klikka siia!<\/a><br \/><\/em><\/span><span style=\"color: #008000;\">Kingitus korraldus- ja loometiim <\/span><em><a href=\"https:\/\/voimlemispidu.ee\/kingitus-2021\/meeskond\/\">\u00a0<span style=\"text-decoration: underline;\">Klikka<\/span><\/a><\/em><span style=\"text-decoration: underline;\"><em><a href=\"https:\/\/voimlemispidu.ee\/kingitus-2021\/meeskond\/\"> siia!<\/a><br \/><\/em><\/span><span style=\"color: #008000;\">Klubi R\u00dcHT fotoarhiiv<\/span> <span style=\"text-decoration: underline;\"><em><a href=\"https:\/\/www.facebook.com\/watch\/?v=398822151529716\">Klikka siia!<\/a><\/em><\/span><\/p><p><strong><span style=\"color: #ff0000;\"><span style=\"color: #ff0000;\">LISAX:<br \/><\/span><\/span><\/strong><span style=\"color: #ff0000;\"><span style=\"color: #ff0000;\"><span style=\"color: #008000;\">Kingitus logod ja s\u00fcmboolika <a href=\"https:\/\/voimlemispidu.ee\/kingitus-2021\/laadi-alla\/\"><span style=\"text-decoration: underline;\"><em>Klikka siia!<\/em><\/span><\/a><br \/>Peo \u00c4pp NOTIFY <a href=\"https:\/\/voimlemispidu.ee\/wp-admin\/post.php?post=496&amp;action=elementor\"><span style=\"text-decoration: underline;\"><em>Klikka siia!<\/em><\/span><\/a><br \/>A. Le Coq Arena KINGITUS pealtvaataja info <a href=\"https:\/\/voimlemispidu.ee\/wp-admin\/post.php?post=2332&amp;action=elementor\"><span style=\"text-decoration: underline;\"><em>Klikka siia!<\/em><\/span><\/a><br \/>MOBO m\u00e4ng <em><span style=\"text-decoration: underline;\">Klikka siia!<br \/><\/span><\/em>Tervisekaitse n\u00f5uded <a href=\"https:\/\/voimlemispidu.ee\/tervisekaitse-nouded\/\"><em>Klikka siia!<\/em><\/a><br \/>The Gift (cancelled) <a href=\"https:\/\/voimlemispidu.ee\/the-gift-2021\/\"><em><span style=\"text-decoration: underline;\">Klikka siia!<\/span><\/em><\/a><\/span><\/span><\/span><\/p>\t\t\t\t\t\t\t\t<\/div>\n\t\t\t\t<\/div>\n\t\t\t\t\t<\/div>\n\t\t<\/div>\n\t\t\t\t\t<\/div>\n\t\t<\/section>\n\t\t\t\t<\/div>","protected":false},"excerpt":{"rendered":"<p>Siit lehelt p\u00e4\u00e4sed Eestimaa VI v\u00f5imlemispeo KINGITUS meediateeki &#8211; s\u00f5nas &#8211; pildis &#8211; filmis. Pidu toimus&nbsp; 2021. aasta juulis.&nbsp; Ajal, mil k\u00f5ik Euroopa v\u00f5imlemisfestivalid olid edasi l\u00fckatud. KINGITUS koondas kokku aktiivse, eluj\u00f5ulise ja s\u00e4rasilmse osa eesti staadioniv\u00f5imlejatest ja &#8211; rahvatantsijatest. Ei ole v\u00f5imalik s\u00f5nadega kirjeldada korraldajate kadalippu. Kuid seda pole vajagi, sest PIDU ISE KORVAS [&hellip;]<\/p>\n","protected":false},"author":25,"featured_media":5752,"parent":0,"menu_order":0,"comment_status":"open","ping_status":"closed","template":"templates\/template-cover.php","meta":{"footnotes":""},"class_list":["post-11340","page","type-page","status-publish","has-post-thumbnail","hentry"],"yoast_head":"<!-- This site is optimized with the Yoast SEO plugin v27.3 - https:\/\/yoast.com\/product\/yoast-seo-wordpress\/ -->\n<title>Kingitus 2021 | V\u00f5imlemispidu.ee<\/title>\n<meta name=\"robots\" content=\"index, follow, max-snippet:-1, max-image-preview:large, max-video-preview:-1\" \/>\n<link rel=\"canonical\" href=\"https:\/\/voimlemispidu.ee\/en\/voimlemispidu-kingitus\/\" \/>\n<meta property=\"og:locale\" content=\"en_GB\" \/>\n<meta property=\"og:type\" content=\"article\" \/>\n<meta property=\"og:title\" content=\"Kingitus 2021 | V\u00f5imlemispidu.ee\" \/>\n<meta property=\"og:description\" content=\"Siit lehelt p\u00e4\u00e4sed Eestimaa VI v\u00f5imlemispeo KINGITUS meediateeki &#8211; s\u00f5nas &#8211; pildis &#8211; filmis. Pidu toimus&nbsp; 2021. aasta juulis.&nbsp; Ajal, mil k\u00f5ik Euroopa v\u00f5imlemisfestivalid olid edasi l\u00fckatud. KINGITUS koondas kokku aktiivse, eluj\u00f5ulise ja s\u00e4rasilmse osa eesti staadioniv\u00f5imlejatest ja &#8211; rahvatantsijatest. Ei ole v\u00f5imalik s\u00f5nadega kirjeldada korraldajate kadalippu. Kuid seda pole vajagi, sest PIDU ISE KORVAS [&hellip;]\" \/>\n<meta property=\"og:url\" content=\"https:\/\/voimlemispidu.ee\/en\/voimlemispidu-kingitus\/\" \/>\n<meta property=\"og:site_name\" content=\"V\u00f5imlemispidu\" \/>\n<meta property=\"article:publisher\" content=\"https:\/\/www.facebook.com\/5voimlemispidu\" \/>\n<meta property=\"article:modified_time\" content=\"2024-01-30T10:27:32+00:00\" \/>\n<meta property=\"og:image\" content=\"https:\/\/voimlemispidu.ee\/wp-content\/uploads\/2021\/03\/Froteeratik-4-scaled.jpg\" \/>\n\t<meta property=\"og:image:width\" content=\"2560\" \/>\n\t<meta property=\"og:image:height\" content=\"1860\" \/>\n\t<meta property=\"og:image:type\" content=\"image\/jpeg\" \/>\n<meta name=\"twitter:card\" content=\"summary_large_image\" \/>\n<meta name=\"twitter:label1\" content=\"Estimated reading time\" \/>\n\t<meta name=\"twitter:data1\" content=\"1 minute\" \/>\n<script type=\"application\/ld+json\" class=\"yoast-schema-graph\">{\"@context\":\"https:\\\/\\\/schema.org\",\"@graph\":[{\"@type\":\"WebPage\",\"@id\":\"https:\\\/\\\/voimlemispidu.ee\\\/voimlemispidu-kingitus\\\/\",\"url\":\"https:\\\/\\\/voimlemispidu.ee\\\/voimlemispidu-kingitus\\\/\",\"name\":\"Kingitus 2021 | V\u00f5imlemispidu.ee\",\"isPartOf\":{\"@id\":\"https:\\\/\\\/voimlemispidu.ee\\\/#website\"},\"primaryImageOfPage\":{\"@id\":\"https:\\\/\\\/voimlemispidu.ee\\\/voimlemispidu-kingitus\\\/#primaryimage\"},\"image\":{\"@id\":\"https:\\\/\\\/voimlemispidu.ee\\\/voimlemispidu-kingitus\\\/#primaryimage\"},\"thumbnailUrl\":\"https:\\\/\\\/voimlemispidu.ee\\\/wp-content\\\/uploads\\\/2021\\\/03\\\/Froteeratik-4-scaled.jpg\",\"datePublished\":\"2021-08-26T15:49:08+00:00\",\"dateModified\":\"2024-01-30T10:27:32+00:00\",\"breadcrumb\":{\"@id\":\"https:\\\/\\\/voimlemispidu.ee\\\/voimlemispidu-kingitus\\\/#breadcrumb\"},\"inLanguage\":\"en-GB\",\"potentialAction\":[{\"@type\":\"ReadAction\",\"target\":[\"https:\\\/\\\/voimlemispidu.ee\\\/voimlemispidu-kingitus\\\/\"]}]},{\"@type\":\"ImageObject\",\"inLanguage\":\"en-GB\",\"@id\":\"https:\\\/\\\/voimlemispidu.ee\\\/voimlemispidu-kingitus\\\/#primaryimage\",\"url\":\"https:\\\/\\\/voimlemispidu.ee\\\/wp-content\\\/uploads\\\/2021\\\/03\\\/Froteeratik-4-scaled.jpg\",\"contentUrl\":\"https:\\\/\\\/voimlemispidu.ee\\\/wp-content\\\/uploads\\\/2021\\\/03\\\/Froteeratik-4-scaled.jpg\",\"width\":2560,\"height\":1860},{\"@type\":\"BreadcrumbList\",\"@id\":\"https:\\\/\\\/voimlemispidu.ee\\\/voimlemispidu-kingitus\\\/#breadcrumb\",\"itemListElement\":[{\"@type\":\"ListItem\",\"position\":1,\"name\":\"Home\",\"item\":\"https:\\\/\\\/voimlemispidu.ee\\\/\"},{\"@type\":\"ListItem\",\"position\":2,\"name\":\"Kingitus 2021\"}]},{\"@type\":\"WebSite\",\"@id\":\"https:\\\/\\\/voimlemispidu.ee\\\/#website\",\"url\":\"https:\\\/\\\/voimlemispidu.ee\\\/\",\"name\":\"V\u00f5imlemispidu.ee\",\"description\":\"V\u00f5imlemispidude ametlik portaal\",\"publisher\":{\"@id\":\"https:\\\/\\\/voimlemispidu.ee\\\/#organization\"},\"potentialAction\":[{\"@type\":\"SearchAction\",\"target\":{\"@type\":\"EntryPoint\",\"urlTemplate\":\"https:\\\/\\\/voimlemispidu.ee\\\/?s={search_term_string}\"},\"query-input\":{\"@type\":\"PropertyValueSpecification\",\"valueRequired\":true,\"valueName\":\"search_term_string\"}}],\"inLanguage\":\"en-GB\"},{\"@type\":\"Organization\",\"@id\":\"https:\\\/\\\/voimlemispidu.ee\\\/#organization\",\"name\":\"V\u00f5imlemispidu.ee\",\"url\":\"https:\\\/\\\/voimlemispidu.ee\\\/\",\"logo\":{\"@type\":\"ImageObject\",\"inLanguage\":\"en-GB\",\"@id\":\"https:\\\/\\\/voimlemispidu.ee\\\/#\\\/schema\\\/logo\\\/image\\\/\",\"url\":\"https:\\\/\\\/voimlemispidu.ee\\\/wp-content\\\/uploads\\\/2020\\\/07\\\/voimlemispidu_logo3_eng.png\",\"contentUrl\":\"https:\\\/\\\/voimlemispidu.ee\\\/wp-content\\\/uploads\\\/2020\\\/07\\\/voimlemispidu_logo3_eng.png\",\"width\":1008,\"height\":245,\"caption\":\"V\u00f5imlemispidu.ee\"},\"image\":{\"@id\":\"https:\\\/\\\/voimlemispidu.ee\\\/#\\\/schema\\\/logo\\\/image\\\/\"},\"sameAs\":[\"https:\\\/\\\/www.facebook.com\\\/5voimlemispidu\"]}]}<\/script>\n<!-- \/ Yoast SEO plugin. -->","yoast_head_json":{"title":"Kingitus 2021 | V\u00f5imlemispidu.ee","robots":{"index":"index","follow":"follow","max-snippet":"max-snippet:-1","max-image-preview":"max-image-preview:large","max-video-preview":"max-video-preview:-1"},"canonical":"https:\/\/voimlemispidu.ee\/en\/voimlemispidu-kingitus\/","og_locale":"en_GB","og_type":"article","og_title":"Kingitus 2021 | V\u00f5imlemispidu.ee","og_description":"Siit lehelt p\u00e4\u00e4sed Eestimaa VI v\u00f5imlemispeo KINGITUS meediateeki &#8211; s\u00f5nas &#8211; pildis &#8211; filmis. Pidu toimus&nbsp; 2021. aasta juulis.&nbsp; Ajal, mil k\u00f5ik Euroopa v\u00f5imlemisfestivalid olid edasi l\u00fckatud. KINGITUS koondas kokku aktiivse, eluj\u00f5ulise ja s\u00e4rasilmse osa eesti staadioniv\u00f5imlejatest ja &#8211; rahvatantsijatest. Ei ole v\u00f5imalik s\u00f5nadega kirjeldada korraldajate kadalippu. Kuid seda pole vajagi, sest PIDU ISE KORVAS [&hellip;]","og_url":"https:\/\/voimlemispidu.ee\/en\/voimlemispidu-kingitus\/","og_site_name":"V\u00f5imlemispidu","article_publisher":"https:\/\/www.facebook.com\/5voimlemispidu","article_modified_time":"2024-01-30T10:27:32+00:00","og_image":[{"width":2560,"height":1860,"url":"https:\/\/voimlemispidu.ee\/wp-content\/uploads\/2021\/03\/Froteeratik-4-scaled.jpg","type":"image\/jpeg"}],"twitter_card":"summary_large_image","twitter_misc":{"Estimated reading time":"1 minute"},"schema":{"@context":"https:\/\/schema.org","@graph":[{"@type":"WebPage","@id":"https:\/\/voimlemispidu.ee\/voimlemispidu-kingitus\/","url":"https:\/\/voimlemispidu.ee\/voimlemispidu-kingitus\/","name":"Kingitus 2021 | V\u00f5imlemispidu.ee","isPartOf":{"@id":"https:\/\/voimlemispidu.ee\/#website"},"primaryImageOfPage":{"@id":"https:\/\/voimlemispidu.ee\/voimlemispidu-kingitus\/#primaryimage"},"image":{"@id":"https:\/\/voimlemispidu.ee\/voimlemispidu-kingitus\/#primaryimage"},"thumbnailUrl":"https:\/\/voimlemispidu.ee\/wp-content\/uploads\/2021\/03\/Froteeratik-4-scaled.jpg","datePublished":"2021-08-26T15:49:08+00:00","dateModified":"2024-01-30T10:27:32+00:00","breadcrumb":{"@id":"https:\/\/voimlemispidu.ee\/voimlemispidu-kingitus\/#breadcrumb"},"inLanguage":"en-GB","potentialAction":[{"@type":"ReadAction","target":["https:\/\/voimlemispidu.ee\/voimlemispidu-kingitus\/"]}]},{"@type":"ImageObject","inLanguage":"en-GB","@id":"https:\/\/voimlemispidu.ee\/voimlemispidu-kingitus\/#primaryimage","url":"https:\/\/voimlemispidu.ee\/wp-content\/uploads\/2021\/03\/Froteeratik-4-scaled.jpg","contentUrl":"https:\/\/voimlemispidu.ee\/wp-content\/uploads\/2021\/03\/Froteeratik-4-scaled.jpg","width":2560,"height":1860},{"@type":"BreadcrumbList","@id":"https:\/\/voimlemispidu.ee\/voimlemispidu-kingitus\/#breadcrumb","itemListElement":[{"@type":"ListItem","position":1,"name":"Home","item":"https:\/\/voimlemispidu.ee\/"},{"@type":"ListItem","position":2,"name":"Kingitus 2021"}]},{"@type":"WebSite","@id":"https:\/\/voimlemispidu.ee\/#website","url":"https:\/\/voimlemispidu.ee\/","name":"V\u00f5imlemispidu.ee","description":"V\u00f5imlemispidude ametlik portaal","publisher":{"@id":"https:\/\/voimlemispidu.ee\/#organization"},"potentialAction":[{"@type":"SearchAction","target":{"@type":"EntryPoint","urlTemplate":"https:\/\/voimlemispidu.ee\/?s={search_term_string}"},"query-input":{"@type":"PropertyValueSpecification","valueRequired":true,"valueName":"search_term_string"}}],"inLanguage":"en-GB"},{"@type":"Organization","@id":"https:\/\/voimlemispidu.ee\/#organization","name":"V\u00f5imlemispidu.ee","url":"https:\/\/voimlemispidu.ee\/","logo":{"@type":"ImageObject","inLanguage":"en-GB","@id":"https:\/\/voimlemispidu.ee\/#\/schema\/logo\/image\/","url":"https:\/\/voimlemispidu.ee\/wp-content\/uploads\/2020\/07\/voimlemispidu_logo3_eng.png","contentUrl":"https:\/\/voimlemispidu.ee\/wp-content\/uploads\/2020\/07\/voimlemispidu_logo3_eng.png","width":1008,"height":245,"caption":"V\u00f5imlemispidu.ee"},"image":{"@id":"https:\/\/voimlemispidu.ee\/#\/schema\/logo\/image\/"},"sameAs":["https:\/\/www.facebook.com\/5voimlemispidu"]}]}},"_links":{"self":[{"href":"https:\/\/voimlemispidu.ee\/en\/wp-json\/wp\/v2\/pages\/11340","targetHints":{"allow":["GET"]}}],"collection":[{"href":"https:\/\/voimlemispidu.ee\/en\/wp-json\/wp\/v2\/pages"}],"about":[{"href":"https:\/\/voimlemispidu.ee\/en\/wp-json\/wp\/v2\/types\/page"}],"author":[{"embeddable":true,"href":"https:\/\/voimlemispidu.ee\/en\/wp-json\/wp\/v2\/users\/25"}],"replies":[{"embeddable":true,"href":"https:\/\/voimlemispidu.ee\/en\/wp-json\/wp\/v2\/comments?post=11340"}],"version-history":[{"count":0,"href":"https:\/\/voimlemispidu.ee\/en\/wp-json\/wp\/v2\/pages\/11340\/revisions"}],"wp:featuredmedia":[{"embeddable":true,"href":"https:\/\/voimlemispidu.ee\/en\/wp-json\/wp\/v2\/media\/5752"}],"wp:attachment":[{"href":"https:\/\/voimlemispidu.ee\/en\/wp-json\/wp\/v2\/media?parent=11340"}],"curies":[{"name":"wp","href":"https:\/\/api.w.org\/{rel}","templated":true}]}}